{"id":7370,"date":"2018-10-30T12:01:58","date_gmt":"2018-10-30T17:01:58","guid":{"rendered":"https:\/\/prcp.com.pe\/area\/solucion-de-controversias\/"},"modified":"2025-09-03T10:45:25","modified_gmt":"2025-09-03T15:45:25","slug":"dispute-resolution","status":"publish","type":"page","link":"https:\/\/prcp.com.pe\/en\/services\/dispute-resolution\/","title":{"rendered":"Dispute Resolution"},"content":{"rendered":"<div class=\"wpb-content-wrapper\"><p>[vc_row][vc_column][vc_row_inner el_class=&#8221;post-formatting&#8221;][vc_column_inner width=&#8221;2\/3&#8243;][lab_heading title_tag=&#8221;H1&#8243; title=&#8221;Dispute Resolution&#8221; el_class=&#8221;no-relleno&#8221;][\/lab_heading][vc_column_text]<\/p>\n<p style=\"text-align: justify;\">PRCP regularly represent foreign and local clients in civil, commercial, corporate, regulatory and enforcement-related disputes, recurrently participating on large-scale \u201cbet-the-company\u201d litigation and arbitration procedures, including some of the most high-profile local corporate and shareholder lawsuits, as well as on leading cases related to business recovery, insolvency, insurance and reinsurance, contract enforcement, civil liability and torts, among other issues.<\/p>\n<p style=\"text-align: justify;\">Our attorneys are committed to providing clients with creative result-oriented counsel and have experience in numerous industries, including banking, energy, financial services, health care, manufacturing, real estate, retail, technology and telecommunications.<\/p>\n<p>[\/vc_column_text][\/vc_column_inner][vc_column_inner width=&#8221;1\/3&#8243;][vc_column_text css=&#8221;&#8221;]<img loading=\"lazy\" decoding=\"async\" class=\"alignnone wp-image-77864 size-medium\" src=\"https:\/\/prcp.com.pe\/wp-content\/uploads\/2025\/09\/arbitraje-1-181x300.png\" alt=\"\" width=\"181\" height=\"300\" srcset=\"https:\/\/prcp.com.pe\/wp-content\/uploads\/2025\/09\/arbitraje-1-181x300.png 181w, https:\/\/prcp.com.pe\/wp-content\/uploads\/2025\/09\/arbitraje-1.png 420w\" sizes=\"auto, (max-width: 181px) 100vw, 181px\" \/>[\/vc_column_text][vc_column_text css=&#8221;&#8221; el_class=&#8221;quote&#8221;]<\/p>\n<blockquote><p>&#8220;They have an excellent team of lawyers in both litigation and arbitration.\u201d <!-- notionvc: e19f2fff-4e12-4c03-ad3e-7e513cdb030d --><\/p><\/blockquote>\n<p style=\"text-align: right;\"><b>Chambers Latin America 2026<\/b><\/p>\n<p>[\/vc_column_text][\/vc_column_inner][\/vc_row_inner][vc_row_inner][vc_column_inner][lab_heading title_tag=&#8221;H3&#8243; title=&#8221;Contacts&#8221;][\/lab_heading][\/vc_column_inner][\/vc_row_inner][vc_row_inner el_class=&#8221;contactos&#8221;][vc_column_inner width=&#8221;1\/6&#8243;][vc_single_image image=&#8221;5914&#8243; img_size=&#8221;full&#8221; onclick=&#8221;custom_link&#8221; img_link_target=&#8221;_blank&#8221; link=&#8221;https:\/\/prcp.com.pe\/en\/partners\/perez-julio-cesar\/&#8221; el_class=&#8221;image_people&#8221;][vc_custom_heading text=&#8221;Julio C\u00e9sar P\u00e9rez&#8221; font_container=&#8221;tag:h3|font_size:13px|text_align:center&#8221; use_theme_fonts=&#8221;yes&#8221; link=&#8221;url:https%3A%2F%2Fprcp.com.pe%2Fen%2Fpartners%2Fperez-julio-cesar%2F||target:%20_blank|&#8221;][\/vc_column_inner][vc_column_inner width=&#8221;1\/6&#8243;][vc_single_image image=&#8221;35556&#8243; img_size=&#8221;full&#8221; onclick=&#8221;custom_link&#8221; img_link_target=&#8221;_blank&#8221; link=&#8221;https:\/\/prcp.com.pe\/en\/partners\/reggiardo-mario\/&#8221; el_class=&#8221;image_people&#8221;][vc_custom_heading text=&#8221;Mario Reggiardo&#8221; font_container=&#8221;tag:h3|font_size:13px|text_align:center&#8221; use_theme_fonts=&#8221;yes&#8221; link=&#8221;url:https%3A%2F%2Fprcp.com.pe%2Fen%2Fpartners%2Freggiardo-mario%2F||target:%20_blank|&#8221;][\/vc_column_inner][vc_column_inner width=&#8221;1\/6&#8243;][vc_single_image image=&#8221;7175&#8243; img_size=&#8221;full&#8221; onclick=&#8221;custom_link&#8221; img_link_target=&#8221;_blank&#8221; link=&#8221;https:\/\/prcp.com.pe\/en\/partners\/bustamante-luis\/&#8221; el_class=&#8221;image_people&#8221;][vc_custom_heading text=&#8221;Luis Bustamante&#8221; font_container=&#8221;tag:h3|font_size:13px|text_align:center&#8221; use_theme_fonts=&#8221;yes&#8221; link=&#8221;url:https%3A%2F%2Fprcp.com.pe%2Fen%2Fpartners%2Fbustamante-luis%2F|target:_blank&#8221;][\/vc_column_inner][vc_column_inner width=&#8221;1\/6&#8243;][vc_single_image image=&#8221;8438&#8243; img_size=&#8221;full&#8221; onclick=&#8221;custom_link&#8221; img_link_target=&#8221;_blank&#8221; link=&#8221;https:\/\/prcp.com.pe\/en\/principal_associates\/bryce-mayra\/&#8221; el_class=&#8221;image_people&#8221;][vc_custom_heading text=&#8221;Mayra Bryce&#8221; font_container=&#8221;tag:h3|font_size:13px|text_align:center&#8221; use_theme_fonts=&#8221;yes&#8221; link=&#8221;url:https%3A%2F%2Fprcp.com.pe%2Fen%2Fprincipal_associates%2Fbryce-mayra%2F|target:_blank&#8221;][\/vc_column_inner][vc_column_inner width=&#8221;1\/6&#8243;][vc_single_image image=&#8221;70724&#8243; img_size=&#8221;full&#8221; onclick=&#8221;custom_link&#8221; img_link_target=&#8221;_blank&#8221; link=&#8221;https:\/\/prcp.com.pe\/en\/principal_associates\/ortiz-micaela\/&#8221; el_class=&#8221;image_people&#8221;][vc_custom_heading text=&#8221;Micaela Ortiz&#8221; font_container=&#8221;tag:h3|font_size:13px|text_align:center&#8221; use_theme_fonts=&#8221;yes&#8221; link=&#8221;url:https%3A%2F%2Fprcp.com.pe%2Fen%2Fprincipal_associates%2Fortiz-micaela%2F|target:_blank&#8221;][\/vc_column_inner][\/vc_row_inner][\/vc_column][\/vc_row][vc_column_inner width=&#8221;1\/6&#8243;][\/vc_column_inner][vc_row css=&#8221;.vc_custom_1541551259246{margin-top: 40px !important;}&#8221;][vc_column][vc_column_text]<div class=\"section-title\"><h3>Latest news<\/h3><\/div><div id=\"boxes\"><div class=\"ultimas-noticias\"><a class=\"thumbnail-img\" href=\"https:\/\/blog.prcp.com.pe\/solucion-de-controversias\/mario-reggiardo-escribio-para-semana-economica-abusos-arbitrales\/\" target=\"_blank\"><div class=\"news-image-style\" style=\"background-image:url(https:\/\/blog.prcp.com.pe\/wp-content\/uploads\/2026\/03\/business-ethics-concept-business-moral-principles-concept-wooden-cube-blocks-with-ethics-symbol-grey-background-copy-space-banner-business-integrity-good-governance-policy-2-1024x546.jpg);\"><\/div><\/a><p class=\"date-text section-title\">23\/03\/2026<\/p><h5>Mario Reggiardo escribi\u00f3 para Semana Econ\u00f3mica: \u00abAbusos arbitrales\u00bb<\/h5><a class=\"boton-arti read-more-btn\" href=\"https:\/\/blog.prcp.com.pe\/solucion-de-controversias\/mario-reggiardo-escribio-para-semana-economica-abusos-arbitrales\/\">Read more<\/a><\/div><div class=\"ultimas-noticias\"><a class=\"thumbnail-img\" href=\"https:\/\/blog.prcp.com.pe\/solucion-de-controversias\/mario-reggiardo-participara-como-ponente-en-el-evento-procedimientos-paralelos-y-medidas-anti-proceso-en-los-arbitrajes\/\" target=\"_blank\"><div class=\"news-image-style\" style=\"background-image:url(https:\/\/blog.prcp.com.pe\/wp-content\/uploads\/2026\/01\/iStock-1623783411_change-1024x644.jpg);\"><\/div><\/a><p class=\"date-text section-title\">19\/01\/2026<\/p><h5>Mario Reggiardo participar\u00e1 como ponente en el evento \u00abProcedimientos paralelos y medidas anti-proceso en los arbitrajes\u201d<\/h5><a class=\"boton-arti read-more-btn\" href=\"https:\/\/blog.prcp.com.pe\/solucion-de-controversias\/mario-reggiardo-participara-como-ponente-en-el-evento-procedimientos-paralelos-y-medidas-anti-proceso-en-los-arbitrajes\/\">Read more<\/a><\/div><div class=\"ultimas-noticias\"><a class=\"thumbnail-img\" href=\"https:\/\/blog.prcp.com.pe\/solucion-de-controversias\/micaela-ortiz-participara-como-ponente-en-el-arbanza-under-40\/\" target=\"_blank\"><div class=\"news-image-style\" style=\"background-image:url(https:\/\/blog.prcp.com.pe\/wp-content\/uploads\/2026\/01\/iStock-1301738196_low-1024x683.jpg);\"><\/div><\/a><p class=\"date-text section-title\">08\/01\/2026<\/p><h5>Micaela Ortiz participar\u00e1 como ponente en el evento \u00abARBANZA Under 40\u201d<\/h5><a class=\"boton-arti read-more-btn\" href=\"https:\/\/blog.prcp.com.pe\/solucion-de-controversias\/micaela-ortiz-participara-como-ponente-en-el-arbanza-under-40\/\">Read more<\/a><\/div><div class=\"ultimas-noticias\"><a class=\"thumbnail-img\" href=\"https:\/\/blog.prcp.com.pe\/solucion-de-controversias\/raul-feijoo-participara-como-ponente-en-la-i-congreso-de-actualizacion-en-proceso-contencioso-administrativo\/\" target=\"_blank\"><div class=\"news-image-style\" style=\"background-image:url(https:\/\/blog.prcp.com.pe\/wp-content\/uploads\/2025\/11\/shutterstock_419066389_low.jpg);\"><\/div><\/a><p class=\"date-text section-title\">24\/11\/2025<\/p><h5>Ra\u00fal Feij\u00f3o participar\u00e1 como ponente en la \u00abI Congreso de Actualizaci\u00f3n del Proceso Contencioso Administrativo\u00bb<\/h5><a class=\"boton-arti read-more-btn\" href=\"https:\/\/blog.prcp.com.pe\/solucion-de-controversias\/raul-feijoo-participara-como-ponente-en-la-i-congreso-de-actualizacion-en-proceso-contencioso-administrativo\/\">Read more<\/a><\/div><div class=\"ultimas-noticias\"><a class=\"thumbnail-img\" href=\"https:\/\/blog.prcp.com.pe\/solucion-de-controversias\/raul-feijoo-jurado-contienda-derechos-fundamentales-pucp\/\" target=\"_blank\"><div class=\"news-image-style\" style=\"background-image:url(https:\/\/blog.prcp.com.pe\/wp-content\/uploads\/2025\/11\/low_iamartillojudicial.jpg);\"><\/div><\/a><p class=\"date-text section-title\">17\/11\/2025<\/p><h5>Ra\u00fal Feij\u00f3o participar\u00e1 como jurado en la \u00abXI Contienda de Derechos Fundamentales\u00bb<\/h5><a class=\"boton-arti read-more-btn\" href=\"https:\/\/blog.prcp.com.pe\/solucion-de-controversias\/raul-feijoo-jurado-contienda-derechos-fundamentales-pucp\/\">Read more<\/a><\/div><div class=\"ultimas-noticias\"><a class=\"thumbnail-img\" href=\"https:\/\/blog.prcp.com.pe\/solucion-de-controversias\/mayra-bryce-participara-en-el-panel-when-partners-part-ways-arbitrating-joint-venture-disputes\/\" target=\"_blank\"><div class=\"news-image-style\" style=\"background-image:url(https:\/\/blog.prcp.com.pe\/wp-content\/uploads\/2025\/11\/iStock-1090431444_low-1024x512.jpg);\"><\/div><\/a><p class=\"date-text section-title\">13\/11\/2025<\/p><h5>Mayra Bryce participar\u00e1 en el panel \u00abWhen partners part ways: arbitrating joint venture disputes\u00bb<\/h5><a class=\"boton-arti read-more-btn\" href=\"https:\/\/blog.prcp.com.pe\/solucion-de-controversias\/mayra-bryce-participara-en-el-panel-when-partners-part-ways-arbitrating-joint-venture-disputes\/\">Read more<\/a><\/div><a class=\"ver-todas btn category-btn\" href=\"https:\/\/blog.prcp.com.pe\/ultimas-publicaciones\/\">See all the news<\/a><\/div>[\/vc_column_text][\/vc_column][\/vc_row]<\/p>\n<\/div>","protected":false},"excerpt":{"rendered":"<p>[vc_row][vc_column][vc_row_inner el_class=&#8221;post-formatting&#8221;][vc_column_inner width=&#8221;2\/3&#8243;][lab_heading title_tag=&#8221;H1&#8243; title=&#8221;Dispute Resolution&#8221; el_class=&#8221;no-relleno&#8221;][\/lab_heading][vc_column_text] PRCP regularly represent foreign and local clients in civil, commercial, corporate, regulatory and enforcement-related disputes, recurrently participating on large-scale \u201cbet-the-company\u201d litigation and arbitration procedures, including some of the most high-profile local corporate and shareholder lawsuits, as well as on leading cases related to business recovery, insolvency, insurance and&hellip;<\/p>\n","protected":false},"author":3,"featured_media":0,"parent":7263,"menu_order":0,"comment_status":"closed","ping_status":"closed","template":"page-servicio-template.php","meta":{"_acf_changed":false,"footnotes":""},"class_list":["post-7370","page","type-page","status-publish","hentry"],"acf":[],"yoast_head":"<!-- This site is optimized with the Yoast SEO plugin v27.0 - https:\/\/yoast.com\/product\/yoast-seo-wordpress\/ -->\n<title>Dispute Resolution - Payet, Rey, Cauvi, P\u00e9rez<\/title>\n<meta name=\"robots\" content=\"index, follow, max-snippet:-1, max-image-preview:large, max-video-preview:-1\" \/>\n<link rel=\"canonical\" href=\"https:\/\/prcp.com.pe\/en\/services\/dispute-resolution\/\" \/>\n<meta property=\"og:locale\" content=\"en_US\" \/>\n<meta property=\"og:type\" content=\"article\" \/>\n<meta property=\"og:title\" content=\"Dispute Resolution - Payet, Rey, Cauvi, P\u00e9rez\" \/>\n<meta property=\"og:description\" content=\"[vc_row][vc_column][vc_row_inner el_class=&#8221;post-formatting&#8221;][vc_column_inner width=&#8221;2\/3&#8243;][lab_heading title_tag=&#8221;H1&#8243; title=&#8221;Dispute Resolution&#8221; el_class=&#8221;no-relleno&#8221;][\/lab_heading][vc_column_text] PRCP regularly represent foreign and local clients in civil, commercial, corporate, regulatory and enforcement-related disputes, recurrently participating on large-scale \u201cbet-the-company\u201d litigation and arbitration procedures, including some of the most high-profile local corporate and shareholder lawsuits, as well as on leading cases related to business recovery, insolvency, insurance and&hellip;\" \/>\n<meta property=\"og:url\" content=\"https:\/\/prcp.com.pe\/en\/services\/dispute-resolution\/\" \/>\n<meta property=\"og:site_name\" content=\"Payet, Rey, Cauvi, P\u00e9rez\" \/>\n<meta property=\"article:publisher\" content=\"https:\/\/www.facebook.com\/prcpabogados\/\" \/>\n<meta property=\"article:modified_time\" content=\"2025-09-03T15:45:25+00:00\" \/>\n<meta property=\"og:image\" content=\"https:\/\/prcp.com.pe\/wp-content\/uploads\/2025\/09\/arbitraje-1.png\" \/>\n\t<meta property=\"og:image:width\" content=\"420\" \/>\n\t<meta property=\"og:image:height\" content=\"698\" \/>\n\t<meta property=\"og:image:type\" content=\"image\/png\" \/>\n<meta name=\"twitter:card\" content=\"summary_large_image\" \/>\n<meta name=\"twitter:label1\" content=\"Est. reading time\" \/>\n\t<meta name=\"twitter:data1\" content=\"3 minutes\" \/>\n<script type=\"application\/ld+json\" class=\"yoast-schema-graph\">{\"@context\":\"https:\/\/schema.org\",\"@graph\":[{\"@type\":\"WebPage\",\"@id\":\"https:\/\/prcp.com.pe\/en\/services\/dispute-resolution\/\",\"url\":\"https:\/\/prcp.com.pe\/en\/services\/dispute-resolution\/\",\"name\":\"Dispute Resolution - Payet, Rey, Cauvi, P\u00e9rez\",\"isPartOf\":{\"@id\":\"https:\/\/prcp.com.pe\/en\/#website\"},\"primaryImageOfPage\":{\"@id\":\"https:\/\/prcp.com.pe\/en\/services\/dispute-resolution\/#primaryimage\"},\"image\":{\"@id\":\"https:\/\/prcp.com.pe\/en\/services\/dispute-resolution\/#primaryimage\"},\"thumbnailUrl\":\"https:\/\/prcp.com.pe\/wp-content\/uploads\/2025\/09\/arbitraje-1-181x300.png\",\"datePublished\":\"2018-10-30T17:01:58+00:00\",\"dateModified\":\"2025-09-03T15:45:25+00:00\",\"breadcrumb\":{\"@id\":\"https:\/\/prcp.com.pe\/en\/services\/dispute-resolution\/#breadcrumb\"},\"inLanguage\":\"en-US\",\"potentialAction\":[{\"@type\":\"ReadAction\",\"target\":[\"https:\/\/prcp.com.pe\/en\/services\/dispute-resolution\/\"]}]},{\"@type\":\"ImageObject\",\"inLanguage\":\"en-US\",\"@id\":\"https:\/\/prcp.com.pe\/en\/services\/dispute-resolution\/#primaryimage\",\"url\":\"https:\/\/prcp.com.pe\/wp-content\/uploads\/2025\/09\/arbitraje-1-181x300.png\",\"contentUrl\":\"https:\/\/prcp.com.pe\/wp-content\/uploads\/2025\/09\/arbitraje-1-181x300.png\"},{\"@type\":\"BreadcrumbList\",\"@id\":\"https:\/\/prcp.com.pe\/en\/services\/dispute-resolution\/#breadcrumb\",\"itemListElement\":[{\"@type\":\"ListItem\",\"position\":1,\"name\":\"Portada\",\"item\":\"https:\/\/prcp.com.pe\/en\/\"},{\"@type\":\"ListItem\",\"position\":2,\"name\":\"Services\",\"item\":\"https:\/\/prcp.com.pe\/en\/services\/\"},{\"@type\":\"ListItem\",\"position\":3,\"name\":\"Dispute Resolution\"}]},{\"@type\":\"WebSite\",\"@id\":\"https:\/\/prcp.com.pe\/en\/#website\",\"url\":\"https:\/\/prcp.com.pe\/en\/\",\"name\":\"Payet, Rey, Cauvi, P\u00e9rez\",\"description\":\"Payet, Rey, Cauvi, P\u00e9rez Abogados es uno de los estudios jur\u00eddicos l\u00edderes en el Per\u00fa, de reconocida experiencia y con una amplia trayectoria.\",\"publisher\":{\"@id\":\"https:\/\/prcp.com.pe\/en\/#organization\"},\"potentialAction\":[{\"@type\":\"SearchAction\",\"target\":{\"@type\":\"EntryPoint\",\"urlTemplate\":\"https:\/\/prcp.com.pe\/en\/?s={search_term_string}\"},\"query-input\":{\"@type\":\"PropertyValueSpecification\",\"valueRequired\":true,\"valueName\":\"search_term_string\"}}],\"inLanguage\":\"en-US\"},{\"@type\":\"Organization\",\"@id\":\"https:\/\/prcp.com.pe\/en\/#organization\",\"name\":\"Payet, Rey, Cauvi, P\u00e9rez Abogados\",\"url\":\"https:\/\/prcp.com.pe\/en\/\",\"logo\":{\"@type\":\"ImageObject\",\"inLanguage\":\"en-US\",\"@id\":\"https:\/\/prcp.com.pe\/en\/#\/schema\/logo\/image\/\",\"url\":\"https:\/\/prcp.com.pe\/wp-content\/uploads\/2018\/11\/logo-2.jpg\",\"contentUrl\":\"https:\/\/prcp.com.pe\/wp-content\/uploads\/2018\/11\/logo-2.jpg\",\"width\":459,\"height\":471,\"caption\":\"Payet, Rey, Cauvi, P\u00e9rez Abogados\"},\"image\":{\"@id\":\"https:\/\/prcp.com.pe\/en\/#\/schema\/logo\/image\/\"},\"sameAs\":[\"https:\/\/www.facebook.com\/prcpabogados\/\",\"https:\/\/www.linkedin.com\/company\/prc\/\",\"https:\/\/www.youtube.com\/channel\/UCbXFuuBk4-B26fdfYft3Oag\"]}]}<\/script>\n<!-- \/ Yoast SEO plugin. -->","yoast_head_json":{"title":"Dispute Resolution - Payet, Rey, Cauvi, P\u00e9rez","robots":{"index":"index","follow":"follow","max-snippet":"max-snippet:-1","max-image-preview":"max-image-preview:large","max-video-preview":"max-video-preview:-1"},"canonical":"https:\/\/prcp.com.pe\/en\/services\/dispute-resolution\/","og_locale":"en_US","og_type":"article","og_title":"Dispute Resolution - Payet, Rey, Cauvi, P\u00e9rez","og_description":"[vc_row][vc_column][vc_row_inner el_class=&#8221;post-formatting&#8221;][vc_column_inner width=&#8221;2\/3&#8243;][lab_heading title_tag=&#8221;H1&#8243; title=&#8221;Dispute Resolution&#8221; el_class=&#8221;no-relleno&#8221;][\/lab_heading][vc_column_text] PRCP regularly represent foreign and local clients in civil, commercial, corporate, regulatory and enforcement-related disputes, recurrently participating on large-scale \u201cbet-the-company\u201d litigation and arbitration procedures, including some of the most high-profile local corporate and shareholder lawsuits, as well as on leading cases related to business recovery, insolvency, insurance and&hellip;","og_url":"https:\/\/prcp.com.pe\/en\/services\/dispute-resolution\/","og_site_name":"Payet, Rey, Cauvi, P\u00e9rez","article_publisher":"https:\/\/www.facebook.com\/prcpabogados\/","article_modified_time":"2025-09-03T15:45:25+00:00","og_image":[{"width":420,"height":698,"url":"https:\/\/prcp.com.pe\/wp-content\/uploads\/2025\/09\/arbitraje-1.png","type":"image\/png"}],"twitter_card":"summary_large_image","twitter_misc":{"Est. reading time":"3 minutes"},"schema":{"@context":"https:\/\/schema.org","@graph":[{"@type":"WebPage","@id":"https:\/\/prcp.com.pe\/en\/services\/dispute-resolution\/","url":"https:\/\/prcp.com.pe\/en\/services\/dispute-resolution\/","name":"Dispute Resolution - Payet, Rey, Cauvi, P\u00e9rez","isPartOf":{"@id":"https:\/\/prcp.com.pe\/en\/#website"},"primaryImageOfPage":{"@id":"https:\/\/prcp.com.pe\/en\/services\/dispute-resolution\/#primaryimage"},"image":{"@id":"https:\/\/prcp.com.pe\/en\/services\/dispute-resolution\/#primaryimage"},"thumbnailUrl":"https:\/\/prcp.com.pe\/wp-content\/uploads\/2025\/09\/arbitraje-1-181x300.png","datePublished":"2018-10-30T17:01:58+00:00","dateModified":"2025-09-03T15:45:25+00:00","breadcrumb":{"@id":"https:\/\/prcp.com.pe\/en\/services\/dispute-resolution\/#breadcrumb"},"inLanguage":"en-US","potentialAction":[{"@type":"ReadAction","target":["https:\/\/prcp.com.pe\/en\/services\/dispute-resolution\/"]}]},{"@type":"ImageObject","inLanguage":"en-US","@id":"https:\/\/prcp.com.pe\/en\/services\/dispute-resolution\/#primaryimage","url":"https:\/\/prcp.com.pe\/wp-content\/uploads\/2025\/09\/arbitraje-1-181x300.png","contentUrl":"https:\/\/prcp.com.pe\/wp-content\/uploads\/2025\/09\/arbitraje-1-181x300.png"},{"@type":"BreadcrumbList","@id":"https:\/\/prcp.com.pe\/en\/services\/dispute-resolution\/#breadcrumb","itemListElement":[{"@type":"ListItem","position":1,"name":"Portada","item":"https:\/\/prcp.com.pe\/en\/"},{"@type":"ListItem","position":2,"name":"Services","item":"https:\/\/prcp.com.pe\/en\/services\/"},{"@type":"ListItem","position":3,"name":"Dispute Resolution"}]},{"@type":"WebSite","@id":"https:\/\/prcp.com.pe\/en\/#website","url":"https:\/\/prcp.com.pe\/en\/","name":"Payet, Rey, Cauvi, P\u00e9rez","description":"Payet, Rey, Cauvi, P\u00e9rez Abogados es uno de los estudios jur\u00eddicos l\u00edderes en el Per\u00fa, de reconocida experiencia y con una amplia trayectoria.","publisher":{"@id":"https:\/\/prcp.com.pe\/en\/#organization"},"potentialAction":[{"@type":"SearchAction","target":{"@type":"EntryPoint","urlTemplate":"https:\/\/prcp.com.pe\/en\/?s={search_term_string}"},"query-input":{"@type":"PropertyValueSpecification","valueRequired":true,"valueName":"search_term_string"}}],"inLanguage":"en-US"},{"@type":"Organization","@id":"https:\/\/prcp.com.pe\/en\/#organization","name":"Payet, Rey, Cauvi, P\u00e9rez Abogados","url":"https:\/\/prcp.com.pe\/en\/","logo":{"@type":"ImageObject","inLanguage":"en-US","@id":"https:\/\/prcp.com.pe\/en\/#\/schema\/logo\/image\/","url":"https:\/\/prcp.com.pe\/wp-content\/uploads\/2018\/11\/logo-2.jpg","contentUrl":"https:\/\/prcp.com.pe\/wp-content\/uploads\/2018\/11\/logo-2.jpg","width":459,"height":471,"caption":"Payet, Rey, Cauvi, P\u00e9rez Abogados"},"image":{"@id":"https:\/\/prcp.com.pe\/en\/#\/schema\/logo\/image\/"},"sameAs":["https:\/\/www.facebook.com\/prcpabogados\/","https:\/\/www.linkedin.com\/company\/prc\/","https:\/\/www.youtube.com\/channel\/UCbXFuuBk4-B26fdfYft3Oag"]}]}},"_links":{"self":[{"href":"https:\/\/prcp.com.pe\/en\/wp-json\/wp\/v2\/pages\/7370","targetHints":{"allow":["GET"]}}],"collection":[{"href":"https:\/\/prcp.com.pe\/en\/wp-json\/wp\/v2\/pages"}],"about":[{"href":"https:\/\/prcp.com.pe\/en\/wp-json\/wp\/v2\/types\/page"}],"author":[{"embeddable":true,"href":"https:\/\/prcp.com.pe\/en\/wp-json\/wp\/v2\/users\/3"}],"replies":[{"embeddable":true,"href":"https:\/\/prcp.com.pe\/en\/wp-json\/wp\/v2\/comments?post=7370"}],"version-history":[{"count":11,"href":"https:\/\/prcp.com.pe\/en\/wp-json\/wp\/v2\/pages\/7370\/revisions"}],"predecessor-version":[{"id":77866,"href":"https:\/\/prcp.com.pe\/en\/wp-json\/wp\/v2\/pages\/7370\/revisions\/77866"}],"up":[{"embeddable":true,"href":"https:\/\/prcp.com.pe\/en\/wp-json\/wp\/v2\/pages\/7263"}],"wp:attachment":[{"href":"https:\/\/prcp.com.pe\/en\/wp-json\/wp\/v2\/media?parent=7370"}],"curies":[{"name":"wp","href":"https:\/\/api.w.org\/{rel}","templated":true}]}}