{"id":7353,"date":"2018-11-09T11:52:49","date_gmt":"2018-11-09T16:52:49","guid":{"rendered":"https:\/\/prcp.com.pe\/area\/real-estate\/"},"modified":"2025-08-22T13:00:26","modified_gmt":"2025-08-22T18:00:26","slug":"real-estate","status":"publish","type":"page","link":"https:\/\/prcp.com.pe\/en\/services\/real-estate\/","title":{"rendered":"Real Estate"},"content":{"rendered":"<div class=\"wpb-content-wrapper\"><p>[vc_row][vc_column][vc_row_inner][vc_column_inner width=&#8221;2\/3&#8243;][lab_heading title_tag=&#8221;H1&#8243; title=&#8221;Real Estate&#8221; el_class=&#8221;no-relleno&#8221;][\/lab_heading][vc_column_text]<\/p>\n<p style=\"text-align: justify;\">We regularly advise companies in the real estate market, including real estate developers, construction companies, companies dedicated to the exploitation and rental of real estate, among others; as well as companies from other sectors with links to the real estate market, such as industrial, commercial, or housing developments.<\/p>\n<p style=\"text-align: justify;\">We provide comprehensive advice in the development of real estate projects in all their stages, from the acquisition, structuring, execution, to the exploitation of real estate projects in Peru. We have extensive experience in the real estate market and as a full-service firm, our clients also benefit from our expertise in financial, administrative, civil and regulatory law.<\/p>\n<p style=\"text-align: justify;\">We also advise developers, real estate funds, and financial institutions, as well as individuals and companies, in all areas related to the construction, financing, acquisition and sale of investments in residential buildings, offices, business centers, hotels, tourist complexes, shopping centers, land for macro-developments, and land for the exploitation of natural resources, among others.<\/p>\n<p>[\/vc_column_text][\/vc_column_inner][vc_column_inner width=&#8221;1\/3&#8243;][vc_column_text]<img loading=\"lazy\" decoding=\"async\" class=\"aligncenter wp-image-76851\" src=\"https:\/\/prcp.com.pe\/wp-content\/uploads\/2024\/12\/inmo-2025-100.jpg\" alt=\"\" width=\"177\" height=\"400\" \/>[\/vc_column_text][vc_column_text]<\/p>\n<blockquote>\n<p><em>&#8220;They have solid experience, technical knowledge and a very strong and capable team, which is very agile in their answers.\u201d<\/em> <!-- notionvc: c7c5cc26-9016-4412-a6f1-c0491030cca2 --><\/p>\n<\/blockquote>\n<p style=\"text-align: right;\"><strong>Chambers Latin America 2025<\/strong><!-- notionvc: 90d1a63d-b209-43a1-942a-c830f96437a7 --><\/p>\n<p>[\/vc_column_text][\/vc_column_inner][\/vc_row_inner][vc_row_inner][vc_column_inner][lab_heading title_tag=&#8221;H3&#8243; title=&#8221;Contacts&#8221;][\/lab_heading][\/vc_column_inner][\/vc_row_inner][vc_row_inner el_class=&#8221;contactos&#8221;][vc_column_inner width=&#8221;1\/6&#8243;][vc_single_image image=&#8221;75951&#8243; img_size=&#8221;full&#8221; onclick=&#8221;custom_link&#8221; img_link_target=&#8221;_blank&#8221; css=&#8221;.vc_custom_1719959237424{margin-bottom: 10px !important;padding-bottom: 0px !important;}&#8221; link=&#8221;https:\/\/prcp.com.pe\/socios\/chan-alfredo\/&#8221; el_class=&#8221;bottom_10&#8243;][vc_custom_heading text=&#8221;Alfredo Chan&#8221; font_container=&#8221;tag:h3|font_size:13px|text_align:center&#8221; use_theme_fonts=&#8221;yes&#8221; link=&#8221;url:https%3A%2F%2Fprcp.com.pe%2Fen%2Falfredo-chan-4%2F||target:%20_blank|&#8221;][\/vc_column_inner][vc_column_inner width=&#8221;1\/6&#8243;][vc_single_image image=&#8221;6005&#8243; img_size=&#8221;full&#8221; onclick=&#8221;custom_link&#8221; img_link_target=&#8221;_blank&#8221; css=&#8221;.vc_custom_1611350752369{margin-bottom: 10px !important;}&#8221; link=&#8221;https:\/\/prcp.com.pe\/socios\/garcia-giovanna\/&#8221; el_class=&#8221;bottom_10&#8243;][vc_custom_heading text=&#8221;Giovanna Garc\u00eda&#8221; font_container=&#8221;tag:h3|font_size:13px|text_align:center&#8221; use_theme_fonts=&#8221;yes&#8221; link=&#8221;url:https%3A%2F%2Fprcp.com.pe%2Fen%2Fpartners%2Fgarcia-giovanna%2F||target:%20_blank|&#8221;][\/vc_column_inner][vc_column_inner width=&#8221;1\/6&#8243;][vc_single_image image=&#8221;7194&#8243; img_size=&#8221;full&#8221; onclick=&#8221;custom_link&#8221; img_link_target=&#8221;_blank&#8221; css=&#8221;.vc_custom_1727992750545{margin-bottom: 10px !important;padding-bottom: 0px !important;}&#8221; link=&#8221;https:\/\/prcp.com.pe\/en\/partner\/loret-de-mola-julia\/&#8221; el_class=&#8221;bottom_10&#8243;][vc_custom_heading text=&#8221;Julia Loret de Mola&#8221; font_container=&#8221;tag:h3|font_size:13px|text_align:center&#8221; use_theme_fonts=&#8221;yes&#8221; link=&#8221;url:https%3A%2F%2Fprcp.com.pe%2Fen%2Fpartner%2Floret-de-mola-julia%2F|target:_blank&#8221;][\/vc_column_inner][vc_column_inner width=&#8221;1\/6&#8243;][vc_single_image image=&#8221;8276&#8243; img_size=&#8221;full&#8221; onclick=&#8221;custom_link&#8221; img_link_target=&#8221;_blank&#8221; css=&#8221;.vc_custom_1649176801177{margin-bottom: 10px !important;}&#8221; link=&#8221;https:\/\/prcp.com.pe\/en\/principal_associates\/arribas-guillermo\/&#8221; el_class=&#8221;bottom_10&#8243;][vc_custom_heading text=&#8221;Guillermo Arribas&#8221; font_container=&#8221;tag:h3|font_size:13px|text_align:center&#8221; use_theme_fonts=&#8221;yes&#8221; link=&#8221;url:https%3A%2F%2Fprcp.com.pe%2Fen%2Fprincipal_associates%2Farribas-guillermo%2F|target:_blank&#8221;][\/vc_column_inner][vc_column_inner width=&#8221;1\/6&#8243;][vc_single_image image=&#8221;11179&#8243; img_size=&#8221;full&#8221; onclick=&#8221;custom_link&#8221; img_link_target=&#8221;_blank&#8221; css=&#8221;.vc_custom_1611350757609{margin-bottom: 10px !important;}&#8221; link=&#8221;https:\/\/prcp.com.pe\/en\/associates\/gutierrez-roberto\/&#8221; el_class=&#8221;bottom_10&#8243;][vc_custom_heading text=&#8221;Roberto Guti\u00e9rrez&#8221; font_container=&#8221;tag:h3|font_size:13px|text_align:center&#8221; use_theme_fonts=&#8221;yes&#8221; link=&#8221;url:https%3A%2F%2Fprcp.com.pe%2Fen%2Fassociates%2Fgutierrez-roberto%2F||target:%20_blank|&#8221;][\/vc_column_inner][vc_column_inner width=&#8221;1\/6&#8243;][vc_single_image image=&#8221;35266&#8243; img_size=&#8221;full&#8221; onclick=&#8221;custom_link&#8221; img_link_target=&#8221;_blank&#8221; css=&#8221;.vc_custom_1727992884941{margin-bottom: 10px !important;}&#8221; link=&#8221;https:\/\/prcp.com.pe\/en\/senior-expert\/vallve-marianna\/&#8221; el_class=&#8221;bottom_10&#8243;][vc_custom_heading text=&#8221;Marianna Valv\u00e9&#8221; font_container=&#8221;tag:h3|font_size:13px|text_align:center&#8221; use_theme_fonts=&#8221;yes&#8221; link=&#8221;url:https%3A%2F%2Fprcp.com.pe%2Fen%2Fsenior-expert%2Fvallve-marianna%2F|target:_blank&#8221;][\/vc_column_inner][\/vc_row_inner][vc_row_inner el_class=&#8221;contactos&#8221;][vc_column_inner width=&#8221;1\/6&#8243;][vc_single_image image=&#8221;65710&#8243; img_size=&#8221;full&#8221; onclick=&#8221;custom_link&#8221; img_link_target=&#8221;_blank&#8221; css=&#8221;.vc_custom_1676491701263{margin-bottom: 10px !important;}&#8221; link=&#8221;https:\/\/prcp.com.pe\/en\/principal_associates\/lau-erick\/&#8221; el_class=&#8221;bottom_10&#8243;][vc_custom_heading text=&#8221;Erick Lau&#8221; font_container=&#8221;tag:h3|font_size:13px|text_align:center&#8221; use_theme_fonts=&#8221;yes&#8221; link=&#8221;url:https%3A%2F%2Fprcp.com.pe%2Fen%2Fprincipal_associates%2Flau-erick%2F|target:_blank&#8221;][\/vc_column_inner][vc_column_inner width=&#8221;1\/6&#8243;][vc_single_image image=&#8221;71154&#8243; img_size=&#8221;full&#8221; onclick=&#8221;custom_link&#8221; img_link_target=&#8221;_blank&#8221; css=&#8221;.vc_custom_1719959263618{margin-bottom: 10px !important;}&#8221; link=&#8221;https:\/\/prcp.com.pe\/en\/associates\/adrian-yelvi\/&#8221; el_class=&#8221;bottom_10&#8243;][vc_custom_heading text=&#8221;Yelvi Adri\u00e1n&#8221; font_container=&#8221;tag:h3|font_size:13px|text_align:center&#8221; use_theme_fonts=&#8221;yes&#8221; link=&#8221;url:https%3A%2F%2Fprcp.com.pe%2Fen%2Fassociates%2Fadrian-yelvi%2F|target:_blank&#8221;][\/vc_column_inner][\/vc_row_inner][\/vc_column][\/vc_row][vc_column_inner width=&#8221;1\/6&#8243;][\/vc_column_inner][vc_row css=&#8221;.vc_custom_1541551259246{margin-top: 40px !important;}&#8221;][vc_column][vc_column_text]<div class=\"section-title\"><h3>Latest news<\/h3><\/div><div id=\"boxes\"><div class=\"ultimas-noticias\"><a class=\"thumbnail-img\" href=\"https:\/\/blog.prcp.com.pe\/inmobiliario\/roberto-gutierrez-declaro-para-semana-economica-plazos-ilegales\/\" target=\"_blank\"><div class=\"news-image-style\" style=\"background-image:url(https:\/\/blog.prcp.com.pe\/wp-content\/uploads\/2025\/11\/shutterstock_365367755_low.jpg);\"><\/div><\/a><p class=\"date-text section-title\">24\/11\/2025<\/p><h5>Roberto Guti\u00e9rrez declar\u00f3 para Semana Econ\u00f3mica \u00abPlazos ilegales\u00bb<\/h5><a class=\"boton-arti read-more-btn\" href=\"https:\/\/blog.prcp.com.pe\/inmobiliario\/roberto-gutierrez-declaro-para-semana-economica-plazos-ilegales\/\">Read more<\/a><\/div><div class=\"ultimas-noticias\"><a class=\"thumbnail-img\" href=\"https:\/\/blog.prcp.com.pe\/inmobiliario\/lexinmobilirio-el-tribunal-registral-publica-nuevos-precedentes-de-observancia-obligatoria\/\" target=\"_blank\"><div class=\"news-image-style\" style=\"background-image:url(https:\/\/blog.prcp.com.pe\/wp-content\/uploads\/2025\/09\/IMAGINE-INMOBILIARIO-1024x664.jpg);\"><\/div><\/a><p class=\"date-text section-title\">16\/09\/2025<\/p><h5>Lexinmobili@rio &#8211; El Tribunal Registral publica nuevos precedentes de observancia obligatoria<\/h5><a class=\"boton-arti read-more-btn\" href=\"https:\/\/blog.prcp.com.pe\/inmobiliario\/lexinmobilirio-el-tribunal-registral-publica-nuevos-precedentes-de-observancia-obligatoria\/\">Read more<\/a><\/div><div class=\"ultimas-noticias\"><a class=\"thumbnail-img\" href=\"https:\/\/blog.prcp.com.pe\/inmobiliario\/lexinmobilirio-se-modifica-la-ley-n31145-ley-de-saneamiento-fisico-legal-y-formalizacion-de-predios-rurales-a-cargo-de-los-gobiernos-regionales\/\" target=\"_blank\"><div class=\"news-image-style\" style=\"background-image:url(https:\/\/blog.prcp.com.pe\/wp-content\/uploads\/2025\/06\/CORTE-DE-FOTO-PARA-MINIATURA-Recuperado-1-1024x664.jpg);\"><\/div><\/a><p class=\"date-text section-title\">10\/06\/2025<\/p><h5>Lexinmobili@rio &#8211; Se modifica la Ley N\u00b031145, Ley de Saneamiento F\u00edsico-Legal y Formalizaci\u00f3n de Predios Rurales a cargo de los Gobiernos Regionales<\/h5><a class=\"boton-arti read-more-btn\" href=\"https:\/\/blog.prcp.com.pe\/inmobiliario\/lexinmobilirio-se-modifica-la-ley-n31145-ley-de-saneamiento-fisico-legal-y-formalizacion-de-predios-rurales-a-cargo-de-los-gobiernos-regionales\/\">Read more<\/a><\/div><div class=\"ultimas-noticias\"><a class=\"thumbnail-img\" href=\"https:\/\/blog.prcp.com.pe\/ambiental\/lexinmobilirio-lexambientl-aprueban-el-reglamento-del-decreto-legislativo-n1661-que-regula-el-saneamiento-fisico-legal-automatico-de-zonas-arqueologicas-declaradas-patrimonio-cultural-de-la\/\" target=\"_blank\"><div class=\"news-image-style\" style=\"background-image:url(https:\/\/blog.prcp.com.pe\/wp-content\/uploads\/2025\/02\/arqueologico-miniatura-1024x664.jpg);\"><\/div><\/a><p class=\"date-text section-title\">10\/02\/2025<\/p><h5>Lexinmobili@rio &#8211; Lexambient@l: Aprueban el Reglamento del Decreto Legislativo N\u00b01661 que regula el saneamiento f\u00edsico legal autom\u00e1tico de zonas arqueol\u00f3gicas declaradas Patrimonio Cultural de la Naci\u00f3n a efecto de facilitar la inversi\u00f3n p\u00fablica o privada<\/h5><a class=\"boton-arti read-more-btn\" href=\"https:\/\/blog.prcp.com.pe\/ambiental\/lexinmobilirio-lexambientl-aprueban-el-reglamento-del-decreto-legislativo-n1661-que-regula-el-saneamiento-fisico-legal-automatico-de-zonas-arqueologicas-declaradas-patrimonio-cultural-de-la\/\">Read more<\/a><\/div><div class=\"ultimas-noticias\"><a class=\"thumbnail-img\" href=\"https:\/\/blog.prcp.com.pe\/inmobiliario\/lexmil-entrada-en-vigencia-del-nuevo-regimen-aplicable-a-la-garantia-mobiliaria\/\" target=\"_blank\"><div class=\"news-image-style\" style=\"background-image:url(https:\/\/blog.prcp.com.pe\/wp-content\/uploads\/2025\/01\/mini-inobiliario-1024x664.jpg);\"><\/div><\/a><p class=\"date-text section-title\">24\/01\/2025<\/p><h5>Lexm@il &#8211; Entrada en vigencia del nuevo r\u00e9gimen aplicable a la Garant\u00eda Mobiliaria<\/h5><a class=\"boton-arti read-more-btn\" href=\"https:\/\/blog.prcp.com.pe\/inmobiliario\/lexmil-entrada-en-vigencia-del-nuevo-regimen-aplicable-a-la-garantia-mobiliaria\/\">Read more<\/a><\/div><div class=\"ultimas-noticias\"><a class=\"thumbnail-img\" href=\"https:\/\/blog.prcp.com.pe\/inmobiliario\/lexinmobilirio-el-tribunal-registral-publico-10-nuevos-precedentes-de-observancia-obligatoria\/\" target=\"_blank\"><div class=\"news-image-style\" style=\"background-image:url(https:\/\/blog.prcp.com.pe\/wp-content\/uploads\/2025\/01\/iStock-1500924565-1024x684.jpg);\"><\/div><\/a><p class=\"date-text section-title\">09\/01\/2025<\/p><h5>Lexinmobili@rio &#8211; El Tribunal Registral public\u00f3 10 nuevos precedentes de observancia obligatoria<\/h5><a class=\"boton-arti read-more-btn\" href=\"https:\/\/blog.prcp.com.pe\/inmobiliario\/lexinmobilirio-el-tribunal-registral-publico-10-nuevos-precedentes-de-observancia-obligatoria\/\">Read more<\/a><\/div><a class=\"ver-todas btn category-btn\" href=\"https:\/\/blog.prcp.com.pe\/ultimas-publicaciones\/\">See all the news<\/a><\/div>[\/vc_column_text][\/vc_column][\/vc_row]<\/p>\n<\/div>","protected":false},"excerpt":{"rendered":"<p>[vc_row][vc_column][vc_row_inner][vc_column_inner width=&#8221;2\/3&#8243;][lab_heading title_tag=&#8221;H1&#8243; title=&#8221;Real Estate&#8221; el_class=&#8221;no-relleno&#8221;][\/lab_heading][vc_column_text] We regularly advise companies in the real estate market, including real estate developers, construction companies, companies dedicated to the exploitation and rental of real estate, among others; as well as companies from other sectors with links to the real estate market, such as industrial, commercial, or housing developments. We&hellip;<\/p>\n","protected":false},"author":3,"featured_media":0,"parent":7263,"menu_order":0,"comment_status":"closed","ping_status":"closed","template":"page-servicio-template.php","meta":{"_acf_changed":false,"footnotes":""},"class_list":["post-7353","page","type-page","status-publish","hentry"],"acf":[],"yoast_head":"<!-- This site is optimized with the Yoast SEO plugin v27.0 - https:\/\/yoast.com\/product\/yoast-seo-wordpress\/ -->\n<title>Real Estate - Payet, Rey, Cauvi, P\u00e9rez<\/title>\n<meta name=\"robots\" content=\"index, follow, max-snippet:-1, max-image-preview:large, max-video-preview:-1\" \/>\n<link rel=\"canonical\" href=\"https:\/\/prcp.com.pe\/en\/services\/real-estate\/\" \/>\n<meta property=\"og:locale\" content=\"en_US\" \/>\n<meta property=\"og:type\" content=\"article\" \/>\n<meta property=\"og:title\" content=\"Real Estate - Payet, Rey, Cauvi, P\u00e9rez\" \/>\n<meta property=\"og:description\" content=\"[vc_row][vc_column][vc_row_inner][vc_column_inner width=&#8221;2\/3&#8243;][lab_heading title_tag=&#8221;H1&#8243; title=&#8221;Real Estate&#8221; el_class=&#8221;no-relleno&#8221;][\/lab_heading][vc_column_text] We regularly advise companies in the real estate market, including real estate developers, construction companies, companies dedicated to the exploitation and rental of real estate, among others; as well as companies from other sectors with links to the real estate market, such as industrial, commercial, or housing developments. We&hellip;\" \/>\n<meta property=\"og:url\" content=\"https:\/\/prcp.com.pe\/en\/services\/real-estate\/\" \/>\n<meta property=\"og:site_name\" content=\"Payet, Rey, Cauvi, P\u00e9rez\" \/>\n<meta property=\"article:publisher\" content=\"https:\/\/www.facebook.com\/prcpabogados\/\" \/>\n<meta property=\"article:modified_time\" content=\"2025-08-22T18:00:26+00:00\" \/>\n<meta property=\"og:image\" content=\"https:\/\/prcp.com.pe\/wp-content\/uploads\/2024\/12\/inmo-2025-100.jpg\" \/>\n\t<meta property=\"og:image:width\" content=\"328\" \/>\n\t<meta property=\"og:image:height\" content=\"743\" \/>\n\t<meta property=\"og:image:type\" content=\"image\/jpeg\" \/>\n<meta name=\"twitter:card\" content=\"summary_large_image\" \/>\n<meta name=\"twitter:label1\" content=\"Est. reading time\" \/>\n\t<meta name=\"twitter:data1\" content=\"2 minutes\" \/>\n<script type=\"application\/ld+json\" class=\"yoast-schema-graph\">{\"@context\":\"https:\/\/schema.org\",\"@graph\":[{\"@type\":\"WebPage\",\"@id\":\"https:\/\/prcp.com.pe\/en\/services\/real-estate\/\",\"url\":\"https:\/\/prcp.com.pe\/en\/services\/real-estate\/\",\"name\":\"Real Estate - Payet, Rey, Cauvi, P\u00e9rez\",\"isPartOf\":{\"@id\":\"https:\/\/prcp.com.pe\/en\/#website\"},\"primaryImageOfPage\":{\"@id\":\"https:\/\/prcp.com.pe\/en\/services\/real-estate\/#primaryimage\"},\"image\":{\"@id\":\"https:\/\/prcp.com.pe\/en\/services\/real-estate\/#primaryimage\"},\"thumbnailUrl\":\"https:\/\/prcp.com.pe\/wp-content\/uploads\/2024\/12\/inmo-2025-100.jpg\",\"datePublished\":\"2018-11-09T16:52:49+00:00\",\"dateModified\":\"2025-08-22T18:00:26+00:00\",\"breadcrumb\":{\"@id\":\"https:\/\/prcp.com.pe\/en\/services\/real-estate\/#breadcrumb\"},\"inLanguage\":\"en-US\",\"potentialAction\":[{\"@type\":\"ReadAction\",\"target\":[\"https:\/\/prcp.com.pe\/en\/services\/real-estate\/\"]}]},{\"@type\":\"ImageObject\",\"inLanguage\":\"en-US\",\"@id\":\"https:\/\/prcp.com.pe\/en\/services\/real-estate\/#primaryimage\",\"url\":\"https:\/\/prcp.com.pe\/wp-content\/uploads\/2024\/12\/inmo-2025-100.jpg\",\"contentUrl\":\"https:\/\/prcp.com.pe\/wp-content\/uploads\/2024\/12\/inmo-2025-100.jpg\"},{\"@type\":\"BreadcrumbList\",\"@id\":\"https:\/\/prcp.com.pe\/en\/services\/real-estate\/#breadcrumb\",\"itemListElement\":[{\"@type\":\"ListItem\",\"position\":1,\"name\":\"Portada\",\"item\":\"https:\/\/prcp.com.pe\/en\/\"},{\"@type\":\"ListItem\",\"position\":2,\"name\":\"Services\",\"item\":\"https:\/\/prcp.com.pe\/en\/services\/\"},{\"@type\":\"ListItem\",\"position\":3,\"name\":\"Real Estate\"}]},{\"@type\":\"WebSite\",\"@id\":\"https:\/\/prcp.com.pe\/en\/#website\",\"url\":\"https:\/\/prcp.com.pe\/en\/\",\"name\":\"Payet, Rey, Cauvi, P\u00e9rez\",\"description\":\"Payet, Rey, Cauvi, P\u00e9rez Abogados es uno de los estudios jur\u00eddicos l\u00edderes en el Per\u00fa, de reconocida experiencia y con una amplia trayectoria.\",\"publisher\":{\"@id\":\"https:\/\/prcp.com.pe\/en\/#organization\"},\"potentialAction\":[{\"@type\":\"SearchAction\",\"target\":{\"@type\":\"EntryPoint\",\"urlTemplate\":\"https:\/\/prcp.com.pe\/en\/?s={search_term_string}\"},\"query-input\":{\"@type\":\"PropertyValueSpecification\",\"valueRequired\":true,\"valueName\":\"search_term_string\"}}],\"inLanguage\":\"en-US\"},{\"@type\":\"Organization\",\"@id\":\"https:\/\/prcp.com.pe\/en\/#organization\",\"name\":\"Payet, Rey, Cauvi, P\u00e9rez Abogados\",\"url\":\"https:\/\/prcp.com.pe\/en\/\",\"logo\":{\"@type\":\"ImageObject\",\"inLanguage\":\"en-US\",\"@id\":\"https:\/\/prcp.com.pe\/en\/#\/schema\/logo\/image\/\",\"url\":\"https:\/\/prcp.com.pe\/wp-content\/uploads\/2018\/11\/logo-2.jpg\",\"contentUrl\":\"https:\/\/prcp.com.pe\/wp-content\/uploads\/2018\/11\/logo-2.jpg\",\"width\":459,\"height\":471,\"caption\":\"Payet, Rey, Cauvi, P\u00e9rez Abogados\"},\"image\":{\"@id\":\"https:\/\/prcp.com.pe\/en\/#\/schema\/logo\/image\/\"},\"sameAs\":[\"https:\/\/www.facebook.com\/prcpabogados\/\",\"https:\/\/www.linkedin.com\/company\/prc\/\",\"https:\/\/www.youtube.com\/channel\/UCbXFuuBk4-B26fdfYft3Oag\"]}]}<\/script>\n<!-- \/ Yoast SEO plugin. -->","yoast_head_json":{"title":"Real Estate - Payet, Rey, Cauvi, P\u00e9rez","robots":{"index":"index","follow":"follow","max-snippet":"max-snippet:-1","max-image-preview":"max-image-preview:large","max-video-preview":"max-video-preview:-1"},"canonical":"https:\/\/prcp.com.pe\/en\/services\/real-estate\/","og_locale":"en_US","og_type":"article","og_title":"Real Estate - Payet, Rey, Cauvi, P\u00e9rez","og_description":"[vc_row][vc_column][vc_row_inner][vc_column_inner width=&#8221;2\/3&#8243;][lab_heading title_tag=&#8221;H1&#8243; title=&#8221;Real Estate&#8221; el_class=&#8221;no-relleno&#8221;][\/lab_heading][vc_column_text] We regularly advise companies in the real estate market, including real estate developers, construction companies, companies dedicated to the exploitation and rental of real estate, among others; as well as companies from other sectors with links to the real estate market, such as industrial, commercial, or housing developments. We&hellip;","og_url":"https:\/\/prcp.com.pe\/en\/services\/real-estate\/","og_site_name":"Payet, Rey, Cauvi, P\u00e9rez","article_publisher":"https:\/\/www.facebook.com\/prcpabogados\/","article_modified_time":"2025-08-22T18:00:26+00:00","og_image":[{"width":328,"height":743,"url":"https:\/\/prcp.com.pe\/wp-content\/uploads\/2024\/12\/inmo-2025-100.jpg","type":"image\/jpeg"}],"twitter_card":"summary_large_image","twitter_misc":{"Est. reading time":"2 minutes"},"schema":{"@context":"https:\/\/schema.org","@graph":[{"@type":"WebPage","@id":"https:\/\/prcp.com.pe\/en\/services\/real-estate\/","url":"https:\/\/prcp.com.pe\/en\/services\/real-estate\/","name":"Real Estate - Payet, Rey, Cauvi, P\u00e9rez","isPartOf":{"@id":"https:\/\/prcp.com.pe\/en\/#website"},"primaryImageOfPage":{"@id":"https:\/\/prcp.com.pe\/en\/services\/real-estate\/#primaryimage"},"image":{"@id":"https:\/\/prcp.com.pe\/en\/services\/real-estate\/#primaryimage"},"thumbnailUrl":"https:\/\/prcp.com.pe\/wp-content\/uploads\/2024\/12\/inmo-2025-100.jpg","datePublished":"2018-11-09T16:52:49+00:00","dateModified":"2025-08-22T18:00:26+00:00","breadcrumb":{"@id":"https:\/\/prcp.com.pe\/en\/services\/real-estate\/#breadcrumb"},"inLanguage":"en-US","potentialAction":[{"@type":"ReadAction","target":["https:\/\/prcp.com.pe\/en\/services\/real-estate\/"]}]},{"@type":"ImageObject","inLanguage":"en-US","@id":"https:\/\/prcp.com.pe\/en\/services\/real-estate\/#primaryimage","url":"https:\/\/prcp.com.pe\/wp-content\/uploads\/2024\/12\/inmo-2025-100.jpg","contentUrl":"https:\/\/prcp.com.pe\/wp-content\/uploads\/2024\/12\/inmo-2025-100.jpg"},{"@type":"BreadcrumbList","@id":"https:\/\/prcp.com.pe\/en\/services\/real-estate\/#breadcrumb","itemListElement":[{"@type":"ListItem","position":1,"name":"Portada","item":"https:\/\/prcp.com.pe\/en\/"},{"@type":"ListItem","position":2,"name":"Services","item":"https:\/\/prcp.com.pe\/en\/services\/"},{"@type":"ListItem","position":3,"name":"Real Estate"}]},{"@type":"WebSite","@id":"https:\/\/prcp.com.pe\/en\/#website","url":"https:\/\/prcp.com.pe\/en\/","name":"Payet, Rey, Cauvi, P\u00e9rez","description":"Payet, Rey, Cauvi, P\u00e9rez Abogados es uno de los estudios jur\u00eddicos l\u00edderes en el Per\u00fa, de reconocida experiencia y con una amplia trayectoria.","publisher":{"@id":"https:\/\/prcp.com.pe\/en\/#organization"},"potentialAction":[{"@type":"SearchAction","target":{"@type":"EntryPoint","urlTemplate":"https:\/\/prcp.com.pe\/en\/?s={search_term_string}"},"query-input":{"@type":"PropertyValueSpecification","valueRequired":true,"valueName":"search_term_string"}}],"inLanguage":"en-US"},{"@type":"Organization","@id":"https:\/\/prcp.com.pe\/en\/#organization","name":"Payet, Rey, Cauvi, P\u00e9rez Abogados","url":"https:\/\/prcp.com.pe\/en\/","logo":{"@type":"ImageObject","inLanguage":"en-US","@id":"https:\/\/prcp.com.pe\/en\/#\/schema\/logo\/image\/","url":"https:\/\/prcp.com.pe\/wp-content\/uploads\/2018\/11\/logo-2.jpg","contentUrl":"https:\/\/prcp.com.pe\/wp-content\/uploads\/2018\/11\/logo-2.jpg","width":459,"height":471,"caption":"Payet, Rey, Cauvi, P\u00e9rez Abogados"},"image":{"@id":"https:\/\/prcp.com.pe\/en\/#\/schema\/logo\/image\/"},"sameAs":["https:\/\/www.facebook.com\/prcpabogados\/","https:\/\/www.linkedin.com\/company\/prc\/","https:\/\/www.youtube.com\/channel\/UCbXFuuBk4-B26fdfYft3Oag"]}]}},"_links":{"self":[{"href":"https:\/\/prcp.com.pe\/en\/wp-json\/wp\/v2\/pages\/7353","targetHints":{"allow":["GET"]}}],"collection":[{"href":"https:\/\/prcp.com.pe\/en\/wp-json\/wp\/v2\/pages"}],"about":[{"href":"https:\/\/prcp.com.pe\/en\/wp-json\/wp\/v2\/types\/page"}],"author":[{"embeddable":true,"href":"https:\/\/prcp.com.pe\/en\/wp-json\/wp\/v2\/users\/3"}],"replies":[{"embeddable":true,"href":"https:\/\/prcp.com.pe\/en\/wp-json\/wp\/v2\/comments?post=7353"}],"version-history":[{"count":11,"href":"https:\/\/prcp.com.pe\/en\/wp-json\/wp\/v2\/pages\/7353\/revisions"}],"predecessor-version":[{"id":77670,"href":"https:\/\/prcp.com.pe\/en\/wp-json\/wp\/v2\/pages\/7353\/revisions\/77670"}],"up":[{"embeddable":true,"href":"https:\/\/prcp.com.pe\/en\/wp-json\/wp\/v2\/pages\/7263"}],"wp:attachment":[{"href":"https:\/\/prcp.com.pe\/en\/wp-json\/wp\/v2\/media?parent=7353"}],"curies":[{"name":"wp","href":"https:\/\/api.w.org\/{rel}","templated":true}]}}