{"id":7344,"date":"2018-10-30T11:59:08","date_gmt":"2018-10-30T16:59:08","guid":{"rendered":"https:\/\/prcp.com.pe\/area\/fusiones-y-adquisiciones\/"},"modified":"2026-01-22T16:52:31","modified_gmt":"2026-01-22T21:52:31","slug":"corporate-ma","status":"publish","type":"page","link":"https:\/\/prcp.com.pe\/en\/services\/corporate-ma\/","title":{"rendered":"Corporate \/ Mergers &#038; Acquisitions"},"content":{"rendered":"<div class=\"wpb-content-wrapper\"><p>[vc_row][vc_column][vc_row_inner][vc_column_inner width=&#8221;2\/3&#8243;][lab_heading title_tag=&#8221;H1&#8243; title=&#8221;Corporate \/ Mergers &amp; Acquisitions&#8221; el_class=&#8221;no-relleno&#8221; css=&#8221;.vc_custom_1755881607848{margin-bottom: 0px !important;}&#8221;][\/lab_heading][vc_column_text]<\/p>\n<p style=\"text-align: justify;\">Our practice in corporate law, cornerstone in the development of the firm, houses a group of recognized experts in advising each and every phase of a corporation\u2019s development.<\/p>\n<p style=\"text-align: justify;\">PRCP represents a wide range of local and international companies, private equity firms and financial promoters, investment banks and other institutions and individuals in mergers, acquisitions and corporate transactions, across the spectrum of industries.<\/p>\n<p style=\"text-align: justify;\">Our attorneys regularly advise on the implementation and organization of corporate vehicles (incorporation procedures, corporate organization in general and corporate governance) and in the execution of its commercial activities (civil and commercial aspects in general), accompanying our clients in their most important processes and transactions (mergers and acquisitions) as well as in their most critical phases (asset restructuring).<\/p>\n<p style=\"text-align: justify;\">Our frequent participation in the market\u2019s most relevant transnational and cross-border transactions in the fields of mergers and acquisitions, spin-offs, transfer of assets, takeovers, among others, provides us with the knowledge and experience necessary to offer our clients the best possible and innovative solutions, from a commercial, tax and regulatory viewpoint, with international standards of quality.<\/p>\n<p style=\"text-align: justify;\">Considered as one of the leading mergers and acquisitions practices in the country, our lawyers have a deep knowledge of both the legislation and local practice, as well as the standards required by the legal and business community of the different international financial centers.<\/p>\n<p>[\/vc_column_text][\/vc_column_inner][vc_column_inner width=&#8221;1\/3&#8243; css=&#8221;.vc_custom_1577143538181{margin-top: 0px !important;}&#8221;][vc_column_text css=&#8221;&#8221;]<img loading=\"lazy\" decoding=\"async\" class=\"alignnone wp-image-77911 size-full\" src=\"https:\/\/prcp.com.pe\/wp-content\/uploads\/2025\/09\/Corporativo-logos.png\" alt=\"\" width=\"407\" height=\"608\" srcset=\"https:\/\/prcp.com.pe\/wp-content\/uploads\/2025\/09\/Corporativo-logos.png 407w, https:\/\/prcp.com.pe\/wp-content\/uploads\/2025\/09\/Corporativo-logos-201x300.png 201w\" sizes=\"auto, (max-width: 407px) 100vw, 407px\" \/>[\/vc_column_text][vc_column_text css=&#8221;&#8221; el_class=&#8221;quote&#8221;]<\/p>\n<blockquote><p><em>\u201cThey have deep legal knowledge and are shrewd negotiators. They are a quality team that delivers an impeccable service.\u201d\u00a0<\/em><!-- notionvc: 69cda3df-cf7c-474e-a58c-8f1e85ffa003 --><\/p><\/blockquote>\n<p style=\"text-align: right;\"><strong>Chambers Latin America 2026<\/strong><\/p>\n<p>[\/vc_column_text][\/vc_column_inner][\/vc_row_inner][vc_row_inner][vc_column_inner][lab_heading title_tag=&#8221;H3&#8243; title=&#8221;Contacts&#8221;][\/lab_heading][\/vc_column_inner][\/vc_row_inner][vc_row_inner el_class=&#8221;contactos&#8221;][vc_column_inner width=&#8221;1\/6&#8243;][vc_single_image image=&#8221;5910&#8243; img_size=&#8221;full&#8221; onclick=&#8221;custom_link&#8221; img_link_target=&#8221;_blank&#8221; link=&#8221;https:\/\/prcp.com.pe\/en\/partners\/jose-antonio-payet\/&#8221; el_class=&#8221;image_people&#8221;][vc_custom_heading text=&#8221;Jose Antonio Payet&#8221; font_container=&#8221;tag:h3|font_size:13px|text_align:center&#8221; use_theme_fonts=&#8221;yes&#8221; link=&#8221;url:https%3A%2F%2Fprcp.com.pe%2Fen%2Fpartners%2Fpayet-jose-antonio%2F||target:%20_blank|&#8221;][\/vc_column_inner][vc_column_inner width=&#8221;1\/6&#8243;][vc_single_image image=&#8221;8358&#8243; img_size=&#8221;full&#8221; onclick=&#8221;custom_link&#8221; img_link_target=&#8221;_blank&#8221; link=&#8221;https:\/\/prcp.com.pe\/en\/partners\/cauvi-juan-jose\/&#8221; el_class=&#8221;image_people&#8221;][vc_custom_heading text=&#8221;Juan Jos\u00e9 Cauvi&#8221; font_container=&#8221;tag:h3|font_size:13px|text_align:center&#8221; use_theme_fonts=&#8221;yes&#8221; link=&#8221;url:https%3A%2F%2Fprcp.com.pe%2Fen%2Fpartners%2Fcauvi-juan-jose%2F||target:%20_blank|&#8221;][\/vc_column_inner][vc_column_inner width=&#8221;1\/6&#8243;][vc_single_image image=&#8221;5916&#8243; img_size=&#8221;full&#8221; onclick=&#8221;custom_link&#8221; img_link_target=&#8221;_blank&#8221; link=&#8221;https:\/\/prcp.com.pe\/en\/partners\/castillo-susan\/&#8221; el_class=&#8221;image_people&#8221;][vc_custom_heading text=&#8221;Susan Castillo&#8221; font_container=&#8221;tag:h3|font_size:13px|text_align:center&#8221; use_theme_fonts=&#8221;yes&#8221; link=&#8221;url:https%3A%2F%2Fprcp.com.pe%2Fen%2Fpartners%2Fcastillo-susan%2F||target:%20_blank|&#8221;][\/vc_column_inner][vc_column_inner width=&#8221;1\/6&#8243;][vc_single_image image=&#8221;5912&#8243; img_size=&#8221;full&#8221; onclick=&#8221;custom_link&#8221; img_link_target=&#8221;_blank&#8221; link=&#8221;https:\/\/prcp.com.pe\/en\/partners\/eguez-juan-antonio\/&#8221; el_class=&#8221;image_people&#8221;][vc_custom_heading text=&#8221;Juan Antonio Eg\u00fcez&#8221; font_container=&#8221;tag:h3|font_size:13px|text_align:center&#8221; use_theme_fonts=&#8221;yes&#8221; link=&#8221;url:https%3A%2F%2Fprcp.com.pe%2Fen%2Fpartners%2Feguez-juan-antonio%2F||target:%20_blank|&#8221;][\/vc_column_inner][vc_column_inner width=&#8221;1\/6&#8243;][vc_single_image image=&#8221;7062&#8243; img_size=&#8221;full&#8221; onclick=&#8221;custom_link&#8221; img_link_target=&#8221;_blank&#8221; link=&#8221;https:\/\/prcp.com.pe\/en\/partners\/garcia-giovanna\/&#8221; el_class=&#8221;image_people&#8221;][vc_custom_heading text=&#8221;Giovanna Garc\u00eda&#8221; font_container=&#8221;tag:h3|font_size:13px|text_align:center&#8221; use_theme_fonts=&#8221;yes&#8221; link=&#8221;url:https%3A%2F%2Fprcp.com.pe%2Fen%2Fpartners%2Fgarcia-giovanna%2F||target:%20_blank|&#8221;][\/vc_column_inner][\/vc_row_inner][\/vc_column][\/vc_row][vc_row css=&#8221;.vc_custom_1541551259246{margin-top: 40px !important;}&#8221;][vc_column][vc_column_text]<div class=\"section-title\"><h3>Latest news<\/h3><\/div><div id=\"boxes\"><div class=\"ultimas-noticias\"><a class=\"thumbnail-img\" href=\"https:\/\/blog.prcp.com.pe\/sin-categorizar\/asesoramos-a-rbb-l-p-en-la-adquisicion-de-una-participacion-mayoritaria-en-liderman\/\" target=\"_blank\"><img decoding=\"async\" src=\"https:\/\/blog.prcp.com.pe\/wp-content\/uploads\/2026\/04\/low-angle-view-modern-building-against-clear-blue-sky_2-1024x635.jpg\"><\/a><p class=\"date-text section-title\">23\/04\/2026<\/p><h5>Asesoramos al inversionista  principal de RBB, L.P. en la  adquisici\u00f3n de una participaci\u00f3n  mayoritaria en Liderman<\/h5><a class=\"boton-arti read-more-btn\" href=\"https:\/\/blog.prcp.com.pe\/sin-categorizar\/asesoramos-a-rbb-l-p-en-la-adquisicion-de-una-participacion-mayoritaria-en-liderman\/\" target=\"_blank\">Read more<\/a><\/div><div class=\"ultimas-noticias\"><a class=\"thumbnail-img\" href=\"https:\/\/blog.prcp.com.pe\/sin-categorizar\/asesoramos-a-carlyle-en-la-venta-de-inca-rail-a-rbb-por-us-52-millones\/\" target=\"_blank\"><img decoding=\"async\" src=\"https:\/\/blog.prcp.com.pe\/wp-content\/uploads\/2026\/04\/building-corner-with-birds_low-1024x619.jpg\"><\/a><p class=\"date-text section-title\">22\/04\/2026<\/p><h5>Asesoramos a Carlyle en la venta de Inca Rail a RBB por US$ 52 millones<\/h5><a class=\"boton-arti read-more-btn\" href=\"https:\/\/blog.prcp.com.pe\/sin-categorizar\/asesoramos-a-carlyle-en-la-venta-de-inca-rail-a-rbb-por-us-52-millones\/\" target=\"_blank\">Read more<\/a><\/div><div class=\"ultimas-noticias\"><a class=\"thumbnail-img\" href=\"https:\/\/blog.prcp.com.pe\/corporativo-fusiones-y-adquisiciones\/asesoramos-al-bcp-en-la-segunda-emision-de-papeles-comerciales-de-pluz-energia-por-s-120-millones\/\" target=\"_blank\"><img decoding=\"async\" src=\"https:\/\/blog.prcp.com.pe\/wp-content\/uploads\/2026\/04\/iStock-2162604344_2-1024x683.jpg\"><\/a><p class=\"date-text section-title\">08\/04\/2026<\/p><h5>Asesoramos al BCP en la Segunda Emisi\u00f3n de Papeles Comerciales de Pluz Energ\u00eda por S\/ 120 millones<\/h5><a class=\"boton-arti read-more-btn\" href=\"https:\/\/blog.prcp.com.pe\/corporativo-fusiones-y-adquisiciones\/asesoramos-al-bcp-en-la-segunda-emision-de-papeles-comerciales-de-pluz-energia-por-s-120-millones\/\" target=\"_blank\">Read more<\/a><\/div><div class=\"ultimas-noticias\"><a class=\"thumbnail-img\" href=\"https:\/\/blog.prcp.com.pe\/corporativo-fusiones-y-adquisiciones\/asesoramos-a-banco-bbva-en-la-segunda-emision-de-bonos-corporativos-de-mitsui-auto-finance-peru\/\" target=\"_blank\"><img decoding=\"async\" src=\"https:\/\/blog.prcp.com.pe\/wp-content\/uploads\/2026\/04\/building-corner-with-birds_low-1024x619.jpg\"><\/a><p class=\"date-text section-title\">07\/04\/2026<\/p><h5>Asesoramos a Banco BBVA en la Segunda Emisi\u00f3n de Bonos Corporativos de Mitsui Auto Finance Per\u00fa<\/h5><a class=\"boton-arti read-more-btn\" href=\"https:\/\/blog.prcp.com.pe\/corporativo-fusiones-y-adquisiciones\/asesoramos-a-banco-bbva-en-la-segunda-emision-de-bonos-corporativos-de-mitsui-auto-finance-peru\/\" target=\"_blank\">Read more<\/a><\/div><div class=\"ultimas-noticias\"><a class=\"thumbnail-img\" href=\"https:\/\/blog.prcp.com.pe\/corporativo-fusiones-y-adquisiciones\/asesoramos-a-grupo-tramarsa-trabajos-maritimos-s-a-terminal-internacional-del-sur-s-a-y-santa-sofia-puertos-s-a-en-un-financiamiento-unsecured-por-us-250000000-sujeto-a-ley-de-new-york\/\" target=\"_blank\"><img decoding=\"async\" src=\"https:\/\/blog.prcp.com.pe\/wp-content\/uploads\/2026\/02\/low-angle-view-modern-building-against-sky2-1024x792.jpg\"><\/a><p class=\"date-text section-title\">23\/03\/2026<\/p><h5>Asesoramos a Grupo Tramarsa (Trabajos Mar\u00edtimos S.A., Terminal Internacional del Sur S.A. y Santa Sof\u00eda Puertos S.A.) en un financiamiento unsecured por US$ 250,000,000 sujeto a ley de New York<\/h5><a class=\"boton-arti read-more-btn\" href=\"https:\/\/blog.prcp.com.pe\/corporativo-fusiones-y-adquisiciones\/asesoramos-a-grupo-tramarsa-trabajos-maritimos-s-a-terminal-internacional-del-sur-s-a-y-santa-sofia-puertos-s-a-en-un-financiamiento-unsecured-por-us-250000000-sujeto-a-ley-de-new-york\/\" target=\"_blank\">Read more<\/a><\/div><div class=\"ultimas-noticias\"><a class=\"thumbnail-img\" href=\"https:\/\/blog.prcp.com.pe\/corporativo-fusiones-y-adquisiciones\/alfredo-chan-declaro-para-semana-economica-deals-los-nuevos-capitales-extranjeros-que-van-a-la-caza-de-activos-y-procesos-de-ma-del-agro-local\/\" target=\"_blank\"><img decoding=\"async\" src=\"https:\/\/blog.prcp.com.pe\/wp-content\/uploads\/2026\/03\/iStock-1331311583-1024x768.jpg\"><\/a><p class=\"date-text section-title\">11\/03\/2026<\/p><h5>Alfredo Chan declar\u00f3 para Semana Econ\u00f3mica: \u00abDeals: los nuevos capitales extranjeros que van a la caza de activos y procesos de M&#038;A del &#8216;agro&#8217; local\u00bb<\/h5><a class=\"boton-arti read-more-btn\" href=\"https:\/\/blog.prcp.com.pe\/corporativo-fusiones-y-adquisiciones\/alfredo-chan-declaro-para-semana-economica-deals-los-nuevos-capitales-extranjeros-que-van-a-la-caza-de-activos-y-procesos-de-ma-del-agro-local\/\" target=\"_blank\">Read more<\/a><\/div><a class=\"ver-todas btn category-btn\" href=\"https:\/\/prcp.com.pe\/blog\/?_sft_category=competencia,fusiones-y-adquisiciones\/\">See all the news<\/a><\/div>[\/vc_column_text][\/vc_column][\/vc_row]<\/p>\n<\/div>","protected":false},"excerpt":{"rendered":"<p>[vc_row][vc_column][vc_row_inner][vc_column_inner width=&#8221;2\/3&#8243;][lab_heading title_tag=&#8221;H1&#8243; title=&#8221;Corporate \/ Mergers &amp; Acquisitions&#8221; el_class=&#8221;no-relleno&#8221; css=&#8221;.vc_custom_1755881607848{margin-bottom: 0px !important;}&#8221;][\/lab_heading][vc_column_text] Our practice in corporate law, cornerstone in the development of the firm, houses a group of recognized experts in advising each and every phase of a corporation\u2019s development. PRCP represents a wide range of local and international companies, private equity firms and financial&hellip;<\/p>\n","protected":false},"author":3,"featured_media":71603,"parent":7263,"menu_order":0,"comment_status":"closed","ping_status":"closed","template":"page-servicio-template.php","meta":{"_acf_changed":false,"footnotes":""},"class_list":["post-7344","page","type-page","status-publish","has-post-thumbnail","hentry"],"acf":[],"yoast_head":"<!-- This site is optimized with the Yoast SEO plugin v27.0 - https:\/\/yoast.com\/product\/yoast-seo-wordpress\/ -->\n<title>Corporate \/ Mergers &amp; Acquisitions - Payet, Rey, Cauvi, P\u00e9rez<\/title>\n<meta name=\"robots\" content=\"index, follow, max-snippet:-1, max-image-preview:large, max-video-preview:-1\" \/>\n<link rel=\"canonical\" href=\"https:\/\/prcp.com.pe\/en\/services\/corporate-ma\/\" \/>\n<meta property=\"og:locale\" content=\"en_US\" \/>\n<meta property=\"og:type\" content=\"article\" \/>\n<meta property=\"og:title\" content=\"Corporate \/ Mergers &amp; Acquisitions - Payet, Rey, Cauvi, P\u00e9rez\" \/>\n<meta property=\"og:description\" content=\"[vc_row][vc_column][vc_row_inner][vc_column_inner width=&#8221;2\/3&#8243;][lab_heading title_tag=&#8221;H1&#8243; title=&#8221;Corporate \/ Mergers &amp; Acquisitions&#8221; el_class=&#8221;no-relleno&#8221; css=&#8221;.vc_custom_1755881607848{margin-bottom: 0px !important;}&#8221;][\/lab_heading][vc_column_text] Our practice in corporate law, cornerstone in the development of the firm, houses a group of recognized experts in advising each and every phase of a corporation\u2019s development. PRCP represents a wide range of local and international companies, private equity firms and financial&hellip;\" \/>\n<meta property=\"og:url\" content=\"https:\/\/prcp.com.pe\/en\/services\/corporate-ma\/\" \/>\n<meta property=\"og:site_name\" content=\"Payet, Rey, Cauvi, P\u00e9rez\" \/>\n<meta property=\"article:publisher\" content=\"https:\/\/www.facebook.com\/prcpabogados\/\" \/>\n<meta property=\"article:modified_time\" content=\"2026-01-22T21:52:31+00:00\" \/>\n<meta property=\"og:image\" content=\"https:\/\/prcp.com.pe\/wp-content\/uploads\/2023\/07\/corporativo-pequeno.png\" \/>\n\t<meta property=\"og:image:width\" content=\"550\" \/>\n\t<meta property=\"og:image:height\" content=\"233\" \/>\n\t<meta property=\"og:image:type\" content=\"image\/png\" \/>\n<meta name=\"twitter:card\" content=\"summary_large_image\" \/>\n<meta name=\"twitter:label1\" content=\"Est. reading time\" \/>\n\t<meta name=\"twitter:data1\" content=\"3 minutes\" \/>\n<script type=\"application\/ld+json\" class=\"yoast-schema-graph\">{\"@context\":\"https:\/\/schema.org\",\"@graph\":[{\"@type\":\"WebPage\",\"@id\":\"https:\/\/prcp.com.pe\/en\/services\/corporate-ma\/\",\"url\":\"https:\/\/prcp.com.pe\/en\/services\/corporate-ma\/\",\"name\":\"Corporate \/ Mergers & Acquisitions - Payet, Rey, Cauvi, P\u00e9rez\",\"isPartOf\":{\"@id\":\"https:\/\/prcp.com.pe\/en\/#website\"},\"primaryImageOfPage\":{\"@id\":\"https:\/\/prcp.com.pe\/en\/services\/corporate-ma\/#primaryimage\"},\"image\":{\"@id\":\"https:\/\/prcp.com.pe\/en\/services\/corporate-ma\/#primaryimage\"},\"thumbnailUrl\":\"https:\/\/prcp.com.pe\/wp-content\/uploads\/2023\/07\/corporativo-pequeno.png\",\"datePublished\":\"2018-10-30T16:59:08+00:00\",\"dateModified\":\"2026-01-22T21:52:31+00:00\",\"breadcrumb\":{\"@id\":\"https:\/\/prcp.com.pe\/en\/services\/corporate-ma\/#breadcrumb\"},\"inLanguage\":\"en-US\",\"potentialAction\":[{\"@type\":\"ReadAction\",\"target\":[\"https:\/\/prcp.com.pe\/en\/services\/corporate-ma\/\"]}]},{\"@type\":\"ImageObject\",\"inLanguage\":\"en-US\",\"@id\":\"https:\/\/prcp.com.pe\/en\/services\/corporate-ma\/#primaryimage\",\"url\":\"https:\/\/prcp.com.pe\/wp-content\/uploads\/2023\/07\/corporativo-pequeno.png\",\"contentUrl\":\"https:\/\/prcp.com.pe\/wp-content\/uploads\/2023\/07\/corporativo-pequeno.png\",\"width\":550,\"height\":233},{\"@type\":\"BreadcrumbList\",\"@id\":\"https:\/\/prcp.com.pe\/en\/services\/corporate-ma\/#breadcrumb\",\"itemListElement\":[{\"@type\":\"ListItem\",\"position\":1,\"name\":\"Portada\",\"item\":\"https:\/\/prcp.com.pe\/en\/\"},{\"@type\":\"ListItem\",\"position\":2,\"name\":\"Services\",\"item\":\"https:\/\/prcp.com.pe\/en\/services\/\"},{\"@type\":\"ListItem\",\"position\":3,\"name\":\"Corporate \/ Mergers &#038; Acquisitions\"}]},{\"@type\":\"WebSite\",\"@id\":\"https:\/\/prcp.com.pe\/en\/#website\",\"url\":\"https:\/\/prcp.com.pe\/en\/\",\"name\":\"Payet, Rey, Cauvi, P\u00e9rez\",\"description\":\"Payet, Rey, Cauvi, P\u00e9rez Abogados es uno de los estudios jur\u00eddicos l\u00edderes en el Per\u00fa, de reconocida experiencia y con una amplia trayectoria.\",\"publisher\":{\"@id\":\"https:\/\/prcp.com.pe\/en\/#organization\"},\"potentialAction\":[{\"@type\":\"SearchAction\",\"target\":{\"@type\":\"EntryPoint\",\"urlTemplate\":\"https:\/\/prcp.com.pe\/en\/?s={search_term_string}\"},\"query-input\":{\"@type\":\"PropertyValueSpecification\",\"valueRequired\":true,\"valueName\":\"search_term_string\"}}],\"inLanguage\":\"en-US\"},{\"@type\":\"Organization\",\"@id\":\"https:\/\/prcp.com.pe\/en\/#organization\",\"name\":\"Payet, Rey, Cauvi, P\u00e9rez Abogados\",\"url\":\"https:\/\/prcp.com.pe\/en\/\",\"logo\":{\"@type\":\"ImageObject\",\"inLanguage\":\"en-US\",\"@id\":\"https:\/\/prcp.com.pe\/en\/#\/schema\/logo\/image\/\",\"url\":\"https:\/\/prcp.com.pe\/wp-content\/uploads\/2018\/11\/logo-2.jpg\",\"contentUrl\":\"https:\/\/prcp.com.pe\/wp-content\/uploads\/2018\/11\/logo-2.jpg\",\"width\":459,\"height\":471,\"caption\":\"Payet, Rey, Cauvi, P\u00e9rez Abogados\"},\"image\":{\"@id\":\"https:\/\/prcp.com.pe\/en\/#\/schema\/logo\/image\/\"},\"sameAs\":[\"https:\/\/www.facebook.com\/prcpabogados\/\",\"https:\/\/www.linkedin.com\/company\/prc\/\",\"https:\/\/www.youtube.com\/channel\/UCbXFuuBk4-B26fdfYft3Oag\"]}]}<\/script>\n<!-- \/ Yoast SEO plugin. -->","yoast_head_json":{"title":"Corporate \/ Mergers & Acquisitions - Payet, Rey, Cauvi, P\u00e9rez","robots":{"index":"index","follow":"follow","max-snippet":"max-snippet:-1","max-image-preview":"max-image-preview:large","max-video-preview":"max-video-preview:-1"},"canonical":"https:\/\/prcp.com.pe\/en\/services\/corporate-ma\/","og_locale":"en_US","og_type":"article","og_title":"Corporate \/ Mergers & Acquisitions - Payet, Rey, Cauvi, P\u00e9rez","og_description":"[vc_row][vc_column][vc_row_inner][vc_column_inner width=&#8221;2\/3&#8243;][lab_heading title_tag=&#8221;H1&#8243; title=&#8221;Corporate \/ Mergers &amp; Acquisitions&#8221; el_class=&#8221;no-relleno&#8221; css=&#8221;.vc_custom_1755881607848{margin-bottom: 0px !important;}&#8221;][\/lab_heading][vc_column_text] Our practice in corporate law, cornerstone in the development of the firm, houses a group of recognized experts in advising each and every phase of a corporation\u2019s development. PRCP represents a wide range of local and international companies, private equity firms and financial&hellip;","og_url":"https:\/\/prcp.com.pe\/en\/services\/corporate-ma\/","og_site_name":"Payet, Rey, Cauvi, P\u00e9rez","article_publisher":"https:\/\/www.facebook.com\/prcpabogados\/","article_modified_time":"2026-01-22T21:52:31+00:00","og_image":[{"width":550,"height":233,"url":"https:\/\/prcp.com.pe\/wp-content\/uploads\/2023\/07\/corporativo-pequeno.png","type":"image\/png"}],"twitter_card":"summary_large_image","twitter_misc":{"Est. reading time":"3 minutes"},"schema":{"@context":"https:\/\/schema.org","@graph":[{"@type":"WebPage","@id":"https:\/\/prcp.com.pe\/en\/services\/corporate-ma\/","url":"https:\/\/prcp.com.pe\/en\/services\/corporate-ma\/","name":"Corporate \/ Mergers & Acquisitions - Payet, Rey, Cauvi, P\u00e9rez","isPartOf":{"@id":"https:\/\/prcp.com.pe\/en\/#website"},"primaryImageOfPage":{"@id":"https:\/\/prcp.com.pe\/en\/services\/corporate-ma\/#primaryimage"},"image":{"@id":"https:\/\/prcp.com.pe\/en\/services\/corporate-ma\/#primaryimage"},"thumbnailUrl":"https:\/\/prcp.com.pe\/wp-content\/uploads\/2023\/07\/corporativo-pequeno.png","datePublished":"2018-10-30T16:59:08+00:00","dateModified":"2026-01-22T21:52:31+00:00","breadcrumb":{"@id":"https:\/\/prcp.com.pe\/en\/services\/corporate-ma\/#breadcrumb"},"inLanguage":"en-US","potentialAction":[{"@type":"ReadAction","target":["https:\/\/prcp.com.pe\/en\/services\/corporate-ma\/"]}]},{"@type":"ImageObject","inLanguage":"en-US","@id":"https:\/\/prcp.com.pe\/en\/services\/corporate-ma\/#primaryimage","url":"https:\/\/prcp.com.pe\/wp-content\/uploads\/2023\/07\/corporativo-pequeno.png","contentUrl":"https:\/\/prcp.com.pe\/wp-content\/uploads\/2023\/07\/corporativo-pequeno.png","width":550,"height":233},{"@type":"BreadcrumbList","@id":"https:\/\/prcp.com.pe\/en\/services\/corporate-ma\/#breadcrumb","itemListElement":[{"@type":"ListItem","position":1,"name":"Portada","item":"https:\/\/prcp.com.pe\/en\/"},{"@type":"ListItem","position":2,"name":"Services","item":"https:\/\/prcp.com.pe\/en\/services\/"},{"@type":"ListItem","position":3,"name":"Corporate \/ Mergers &#038; Acquisitions"}]},{"@type":"WebSite","@id":"https:\/\/prcp.com.pe\/en\/#website","url":"https:\/\/prcp.com.pe\/en\/","name":"Payet, Rey, Cauvi, P\u00e9rez","description":"Payet, Rey, Cauvi, P\u00e9rez Abogados es uno de los estudios jur\u00eddicos l\u00edderes en el Per\u00fa, de reconocida experiencia y con una amplia trayectoria.","publisher":{"@id":"https:\/\/prcp.com.pe\/en\/#organization"},"potentialAction":[{"@type":"SearchAction","target":{"@type":"EntryPoint","urlTemplate":"https:\/\/prcp.com.pe\/en\/?s={search_term_string}"},"query-input":{"@type":"PropertyValueSpecification","valueRequired":true,"valueName":"search_term_string"}}],"inLanguage":"en-US"},{"@type":"Organization","@id":"https:\/\/prcp.com.pe\/en\/#organization","name":"Payet, Rey, Cauvi, P\u00e9rez Abogados","url":"https:\/\/prcp.com.pe\/en\/","logo":{"@type":"ImageObject","inLanguage":"en-US","@id":"https:\/\/prcp.com.pe\/en\/#\/schema\/logo\/image\/","url":"https:\/\/prcp.com.pe\/wp-content\/uploads\/2018\/11\/logo-2.jpg","contentUrl":"https:\/\/prcp.com.pe\/wp-content\/uploads\/2018\/11\/logo-2.jpg","width":459,"height":471,"caption":"Payet, Rey, Cauvi, P\u00e9rez Abogados"},"image":{"@id":"https:\/\/prcp.com.pe\/en\/#\/schema\/logo\/image\/"},"sameAs":["https:\/\/www.facebook.com\/prcpabogados\/","https:\/\/www.linkedin.com\/company\/prc\/","https:\/\/www.youtube.com\/channel\/UCbXFuuBk4-B26fdfYft3Oag"]}]}},"_links":{"self":[{"href":"https:\/\/prcp.com.pe\/en\/wp-json\/wp\/v2\/pages\/7344","targetHints":{"allow":["GET"]}}],"collection":[{"href":"https:\/\/prcp.com.pe\/en\/wp-json\/wp\/v2\/pages"}],"about":[{"href":"https:\/\/prcp.com.pe\/en\/wp-json\/wp\/v2\/types\/page"}],"author":[{"embeddable":true,"href":"https:\/\/prcp.com.pe\/en\/wp-json\/wp\/v2\/users\/3"}],"replies":[{"embeddable":true,"href":"https:\/\/prcp.com.pe\/en\/wp-json\/wp\/v2\/comments?post=7344"}],"version-history":[{"count":17,"href":"https:\/\/prcp.com.pe\/en\/wp-json\/wp\/v2\/pages\/7344\/revisions"}],"predecessor-version":[{"id":78342,"href":"https:\/\/prcp.com.pe\/en\/wp-json\/wp\/v2\/pages\/7344\/revisions\/78342"}],"up":[{"embeddable":true,"href":"https:\/\/prcp.com.pe\/en\/wp-json\/wp\/v2\/pages\/7263"}],"wp:featuredmedia":[{"embeddable":true,"href":"https:\/\/prcp.com.pe\/en\/wp-json\/wp\/v2\/media\/71603"}],"wp:attachment":[{"href":"https:\/\/prcp.com.pe\/en\/wp-json\/wp\/v2\/media?parent=7344"}],"curies":[{"name":"wp","href":"https:\/\/api.w.org\/{rel}","templated":true}]}}